{"id":9746,"date":"2016-12-13T13:26:51","date_gmt":"2016-12-13T13:26:51","guid":{"rendered":"http:\/\/xpo.edge-themes.com\/?page_id=9746"},"modified":"2021-09-21T16:00:57","modified_gmt":"2021-09-21T16:00:57","slug":"a-propos","status":"publish","type":"page","link":"https:\/\/www.bictogo-initiatives.org\/index.php\/a-propos\/","title":{"rendered":"A propos"},"content":{"rendered":"<p>[vc_row content_width=\u00a0\u00bbgrid\u00a0\u00bb css=\u00a0\u00bb.vc_custom_1481799018755{padding-top: 120px !important;padding-bottom: 120px !important;background-image: url(http:\/\/xpo.edge-themes.com\/wp-content\/uploads\/2016\/12\/page-3-image-1.jpg?id=9747) !important;}\u00a0\u00bb][vc_column offset=\u00a0\u00bbvc_col-lg-12 vc_col-md-12&Prime;]<div class=\"edgtf-elements-holder edgtf-responsive-mode-1024\" ><div class=\"edgtf-elements-holder-item edgtf-width-1-1\" data-item-class=\"edgtf-elements-holder-custom-666381\"  data-1024-1280=\"13px 0 0 0\" data-768-1024=\"0 5px\" data-600-768=\"0 5px\"   >\n\t<div class=\"edgtf-elements-holder-item-inner\">\n\t\t<div class=\"edgtf-elements-holder-item-content edgtf-elements-holder-custom-666381\" style=\"padding: 0 8px\">\n\t\t\t[vc_single_image image=\u00a0\u00bb12828&Prime; img_size=\u00a0\u00bbfull\u00a0\u00bb]\t\t<\/div>\n\t<\/div>\n<\/div><div class=\"edgtf-elements-holder-item edgtf-width-1-1\" data-item-class=\"edgtf-elements-holder-custom-980125\" data-768-1024=\"20px 20px 0 20px\" data-600-768=\"20px 20px 0 20px\" data-480-600=\"20px 5px 0 5px\" data-480=\"20px 5px 0 5px\" >\n\t<div class=\"edgtf-elements-holder-item-inner\">\n\t\t<div class=\"edgtf-elements-holder-item-content edgtf-elements-holder-custom-980125\" style=\"padding: 0 0 6px 85px\">\n\t\t\t<div class=\"edgtf-title-section-holder\">\n\t\t\t<h2 class=\"edgtf-title-with-dots\" >\n\t\t\tQui sommes-nous\t\t<\/h2>\n\t\t<span class=\"edge-title-separator edge-enable-separator\" ><\/span>\n\n\t\t\t\t<h6 class=\"edgtf-section-subtitle\" >La Fondation Bictogo Initiatives est un dispositif de transformation du secteur priv\u00e9 du continent africain.<\/h6>\n\t<\/div>[vc_empty_space height=\u00a0\u00bb8px\u00a0\u00bb][vc_column_text]<\/p>\n<p class=\"p1\">Anim\u00e9e par l\u2019espoir que nous pouvons apporter notre pierre \u00e0 l\u2019\u00e9difice,<span class=\"Apple-converted-space\">\u00a0 <\/span>que nous pouvons \u00e9tablir un souffle nouveau. La Fondation Bictogo Initiatives, est un dispositif de transformation du secteur priv\u00e9 du continent africain, qui mobilise une combinaison d\u2019outils strat\u00e9giques et f\u00e9d\u00e8re un \u00e9cosyst\u00e8me global, afin de contribuer \u00e0 l\u2019\u00e9mergence d\u2019emplois et d\u2019entreprises g\u00e9n\u00e9ratrices de revenus, et surtout de croissance.<\/p>\n<p class=\"p1\">L\u2019Afrique, en pleine fr\u00e9n\u00e9sie entrepreneuriale se caract\u00e9rise \u00e0 travers la multiplication des dispositifs de soutien \u00e0 l\u2019entrepreneuriat innovant qui animent les capitales africaines : incubateurs, concours de start-up, p\u00e9pini\u00e8res d\u2019entreprises, espaces de co-working, etc. Derri\u00e8re ces d\u00e9signations, un seul but : faire jaillir le potentiel inexprim\u00e9 des porteurs de projets dans le d\u00e9veloppement, la croissance et la p\u00e9rennit\u00e9 de leurs entreprises.<span class=\"Apple-converted-space\">\u00a0 <\/span>En effet, se lancer dans l\u2019aventure entrepreneuriale est une chose. Mais d\u00e9velopper et p\u00e9renniser son affaire en est une autre.<\/p>\n<p class=\"p1\"><strong>Tout en travaillant sur la cr\u00e9ation de soci\u00e9t\u00e9s fructueuses, g\u00e9n\u00e9ratrices d\u2019emplois et de croissance, nous nous effor\u00e7ons d\u2019aider les jeunes \u00e0 retirer le plein potentiel de leurs exp\u00e9riences professionnelles afin de devenir de vrais leaders. Apprendre \u00e0 b\u00e2tir un r\u00e9seau, \u00e0 n\u00e9gocier un salaire, \u00e0 mobiliser \u00e0 travers ses exp\u00e9riences des comp\u00e9tences techniques pointues mais aussi intrins\u00e8ques.<\/strong><\/p>\n<p>[\/vc_column_text][vc_empty_space height=\u00a0\u00bb22px\u00a0\u00bb]\t\t<\/div>\n\t<\/div>\n<\/div><\/div>[\/vc_column][\/vc_row][vc_row content_width=\u00a0\u00bbgrid\u00a0\u00bb css=\u00a0\u00bb.vc_custom_1481799010187{padding-top: 120px !important;padding-bottom: 120px !important;background-image: url(http:\/\/xpo.edge-themes.com\/wp-content\/uploads\/2016\/12\/page-3-image-6.jpg?id=9758) !important;}\u00a0\u00bb][vc_column offset=\u00a0\u00bbvc_col-lg-12 vc_col-md-12&Prime;]<div class=\"edgtf-elements-holder edgtf-responsive-mode-1024\" ><div class=\"edgtf-elements-holder-item edgtf-width-1-1\" data-item-class=\"edgtf-elements-holder-custom-991422\" data-1024-1280=\"0 70px 15px 0\" data-768-1024=\"20px 0px 45px 20px\" data-600-768=\"20px 0px 45px 20px\" data-480-600=\"20px 5px 0 5px\" data-480=\"20px 5px 0 5px\" >\n\t<div class=\"edgtf-elements-holder-item-inner\">\n\t\t<div class=\"edgtf-elements-holder-item-content edgtf-elements-holder-custom-991422\" style=\"padding: 0 77px 6px 0\">\n\t\t\t<div class=\"edgtf-title-section-holder\">\n\t\t\t<h2 class=\"edgtf-title-with-dots\" >\n\t\t\tNos leviers d&#039;actions\t\t<\/h2>\n\t\t<span class=\"edge-title-separator edge-enable-separator\" ><\/span>\n\n\t<\/div>[vc_empty_space height=\u00a0\u00bb8px\u00a0\u00bb][vc_column_text]<\/p>\n<p class=\"p2\">A travers La Fondation Bictogo Initiatives, le Groupe SNEDAI et son fondateur, Monsieur Adama BICTOGO se donnent pour mission de transmettre \u00e0 la nouvelle g\u00e9n\u00e9ration d\u2019hommes et de femmes africains, les outils n\u00e9cessaires pour cr\u00e9er des entreprises \u00e0 forte croissance, cr\u00e9atrices d\u2019emplois et de richesse, mais aussi pour efficacement b\u00e2tir une carri\u00e8re professionnelle et devenir des acteurs cl\u00e9s de la soci\u00e9t\u00e9 civile. Ainsi selon le contexte l\u2019intervention de la Fondation concerne :<\/p>\n<p>[\/vc_column_text][vc_empty_space height=\u00a0\u00bb35px\u00a0\u00bb]<div class=\"edgtf-icon-list-item\">\n\t<div class=\"edgtf-icon-list-icon-holder\">\n        <div class=\"edgtf-icon-list-icon-holder-inner clearfix\">\n\t\t\t<i class=\"edgtf-icon-font-awesome fa fa-check \" style=\"font-size:14px\" ><\/i>\t\t<\/div>\n\t<\/div>\n\t<p class=\"edgtf-icon-list-text\" style=\"font-size:14px\" > Le financement des entrepreneurs de croissance<\/p>\n<\/div><div class=\"edgtf-icon-list-item\">\n\t<div class=\"edgtf-icon-list-icon-holder\">\n        <div class=\"edgtf-icon-list-icon-holder-inner clearfix\">\n\t\t\t<i class=\"edgtf-icon-font-awesome fa fa-check \" style=\"font-size:14px\" ><\/i>\t\t<\/div>\n\t<\/div>\n\t<p class=\"edgtf-icon-list-text\" style=\"font-size:14px\" > L&#039;incubation et acc\u00e9l\u00e9ration des entrepreneurs de croissance<\/p>\n<\/div><div class=\"edgtf-icon-list-item\">\n\t<div class=\"edgtf-icon-list-icon-holder\">\n        <div class=\"edgtf-icon-list-icon-holder-inner clearfix\">\n\t\t\t<i class=\"edgtf-icon-font-awesome fa fa-check \" style=\"font-size:14px\" ><\/i>\t\t<\/div>\n\t<\/div>\n\t<p class=\"edgtf-icon-list-text\" style=\"font-size:14px\" > La mont\u00e9e en comp\u00e9tence des jeunes professionnels<\/p>\n<\/div><div class=\"edgtf-icon-list-item\">\n\t<div class=\"edgtf-icon-list-icon-holder\">\n        <div class=\"edgtf-icon-list-icon-holder-inner clearfix\">\n\t\t\t<i class=\"edgtf-icon-font-awesome fa fa-check \" style=\"font-size:14px\" ><\/i>\t\t<\/div>\n\t<\/div>\n\t<p class=\"edgtf-icon-list-text\" style=\"font-size:14px\" > L&#039;insertion professionnelle des jeunes dipl\u00f4m\u00e9.e.s<\/p>\n<\/div><div class=\"edgtf-icon-list-item\">\n\t<div class=\"edgtf-icon-list-icon-holder\">\n        <div class=\"edgtf-icon-list-icon-holder-inner clearfix\">\n\t\t\t<i class=\"edgtf-icon-font-awesome fa fa-check \" style=\"font-size:14px\" ><\/i>\t\t<\/div>\n\t<\/div>\n\t<p class=\"edgtf-icon-list-text\" style=\"font-size:14px\" > L&#039;\u00e9tablissement des programmes de bourse pour \u00e9tudiant.e.s<\/p>\n<\/div>\t\t<\/div>\n\t<\/div>\n<\/div><div class=\"edgtf-elements-holder-item edgtf-width-1-1\" data-item-class=\"edgtf-elements-holder-custom-283202\"  data-1024-1280=\"0 0 0 0\" data-768-1024=\"0 5px\" data-600-768=\"0 5px\"   >\n\t<div class=\"edgtf-elements-holder-item-inner\">\n\t\t<div class=\"edgtf-elements-holder-item-content edgtf-elements-holder-custom-283202\" style=\"padding: 0 8px\">\n\t\t\t[vc_single_image image=\u00a0\u00bb12520&Prime; img_size=\u00a0\u00bbfull\u00a0\u00bb]\t\t<\/div>\n\t<\/div>\n<\/div><\/div>[\/vc_column][\/vc_row][vc_row content_width=\u00a0\u00bbgrid\u00a0\u00bb css=\u00a0\u00bb.vc_custom_1481800987437{padding-top: 105px !important;padding-bottom: 105px !important;background-image: url(http:\/\/xpo.edge-themes.com\/wp-content\/uploads\/2016\/12\/page-3-image-7.jpg?id=9759) !important;}\u00a0\u00bb][vc_column offset=\u00a0\u00bbvc_col-lg-12 vc_col-md-12&Prime;]<div class=\"edgtf-elements-holder edgtf-responsive-mode-1024\" ><div class=\"edgtf-elements-holder-item edgtf-width-1-1\" data-item-class=\"edgtf-elements-holder-custom-719098\"   data-768-1024=\"0 5px\" data-600-768=\"0 5px\"   >\n\t<div class=\"edgtf-elements-holder-item-inner\">\n\t\t<div class=\"edgtf-elements-holder-item-content edgtf-elements-holder-custom-719098\" style=\"padding: 0 8px\">\n\t\t\t[vc_single_image image=\u00a0\u00bb12506&Prime; img_size=\u00a0\u00bbfull\u00a0\u00bb]\t\t<\/div>\n\t<\/div>\n<\/div><div class=\"edgtf-elements-holder-item edgtf-width-1-1\" data-item-class=\"edgtf-elements-holder-custom-754219\" data-1024-1280=\"13px 0 0px 85px\" data-768-1024=\"20px 20px 0 20px\" data-600-768=\"20px 20px 0 20px\" data-480-600=\"20px 5px 0 5px\" data-480=\"20px 5px 0 5px\" >\n\t<div class=\"edgtf-elements-holder-item-inner\">\n\t\t<div class=\"edgtf-elements-holder-item-content edgtf-elements-holder-custom-754219\" style=\"padding: 10px 0 0px 85px\">\n\t\t\t<div class=\"edgtf-title-section-holder\">\n\t\t\t<h2 class=\"edgtf-title-with-dots\" >\n\t\t\tNotre ambition, notre impact\t\t<\/h2>\n\t\t<span class=\"edge-title-separator edge-enable-separator\" ><\/span>\n\n\t\t\t\t<h6 class=\"edgtf-section-subtitle\" >Transmettre \u00e0 la nouvelle g\u00e9n\u00e9ration de leaders \u00e9conomiques les clefs de la r\u00e9ussite<\/h6>\n\t<\/div>[vc_empty_space height=\u00a0\u00bb8px\u00a0\u00bb][vc_column_text]<\/p>\n<p class=\"p2\"><i>Notre ambition est d&rsquo;accompagner le talent des jeunes ivoiriens et ivoiriennes, qu&rsquo;ils s&rsquo;agissent d&rsquo;\u00e9tudiants, de jeunes professionnels ou d&rsquo;entrepreneurs. Plus concr\u00e8tement, avec le soutien de notre r\u00e9seau de partenaires, de mentors,\u00a0 nous esp\u00e9rons cr\u00e9er une vague de changement, et arriver \u00e0 toucher d&rsquo;ici la fin de l&rsquo;ann\u00e9e 2023 :<\/i><\/p>\n<p>[\/vc_column_text][vc_empty_space height=\u00a0\u00bb10px\u00a0\u00bb][vc_row_inner content_aligment=\u00a0\u00bbcenter\u00a0\u00bb][vc_column_inner width=\u00a0\u00bb1\/3&Prime;]<div class=\"edgtf-counter-holder left\" >\n\n\t<span class=\"edgtf-counter zero\" >\n\t\t+2000\t<\/span>\n\t\t\t<h6 class=\"edgtf-counter-title\"  >\n\t\t\t\u00e9tudiants plac\u00e9s\t\t<\/h6>\n\t\t\n<\/div>[\/vc_column_inner][vc_column_inner width=\u00a0\u00bb1\/3&Prime;]<div class=\"edgtf-counter-holder left\" >\n\n\t<span class=\"edgtf-counter zero\" >\n\t\t+1500\t<\/span>\n\t\t\t<h6 class=\"edgtf-counter-title\"  >\n\t\t\tentrepreneurs incub\u00e9s\t\t<\/h6>\n\t\t\n<\/div>[\/vc_column_inner][vc_column_inner width=\u00a0\u00bb1\/3&Prime;]<div class=\"edgtf-counter-holder left\" >\n\n\t<span class=\"edgtf-counter zero\" >\n\t\t100\t<\/span>\n\t\t\t<h6 class=\"edgtf-counter-title\"  >\n\t\t\tbourses \u00e9tudiantes\t\t<\/h6>\n\t\t\n<\/div>[\/vc_column_inner][\/vc_row_inner]\t\t<\/div>\n\t<\/div>\n<\/div><\/div>[\/vc_column][\/vc_row][vc_row content_width=\u00a0\u00bbgrid\u00a0\u00bb css=\u00a0\u00bb.vc_custom_1614625936533{padding-top: 120px !important;padding-bottom: 120px !important;background-color: #1b244e !important;}\u00a0\u00bb][vc_column offset=\u00a0\u00bbvc_col-lg-12 vc_col-md-12&Prime;]<div class=\"edgtf-elements-holder edgtf-responsive-mode-1024\" ><div class=\"edgtf-elements-holder-item edgtf-width-1-1\" data-item-class=\"edgtf-elements-holder-custom-957455\" data-768-1024=\"0px 20px 40px 20px\" data-600-768=\"0px 20px 40px 20px\" data-480-600=\"0 5px 20px 5px\" data-480=\"0 5px 20px 5px\" >\n\t<div class=\"edgtf-elements-holder-item-inner\">\n\t\t<div class=\"edgtf-elements-holder-item-content edgtf-elements-holder-custom-957455\" style=\"padding: 0 77px 6px 0\">\n\t\t\t<div class=\"edgtf-title-section-holder\">\n\t\t\t<h2 class=\"edgtf-title-with-dots\" style=\"color:#ffffff\">\n\t\t\tUn appel \u00e0 contribution\t\t<\/h2>\n\t\t<span class=\"edge-title-separator edge-enable-separator\" ><\/span>\n\n\t<\/div>[vc_empty_space height=\u00a0\u00bb8px\u00a0\u00bb][vc_column_text]La Fondation Bictogo Initiatives travaille avec un r\u00e9seau de partenaires strat\u00e9giques, op\u00e9rationnels, et financiers afin d&rsquo;atteindre les objectifs de d\u00e9veloppement durable qu&rsquo;elle s&rsquo;est fix\u00e9e. Nous serions ravis de collaborer avec toutes structures sp\u00e9cialis\u00e9es, ayant une exp\u00e9rience av\u00e9r\u00e9e dans les domaines de l&rsquo;accompagnement et le d\u00e9veloppement de startups, ou encore l&rsquo;insertion professionnelle et le d\u00e9veloppement professionnel des jeunes dipl\u00f4m\u00e9es.<\/p>\n<p><a href=\"https:\/\/www.bictogo-initiatives.org\/index.php\/nos-partenaires\/\"><strong>Si vous \u00eates int\u00e9ress\u00e9, remplissez le formulaire de demande d&rsquo;information<\/strong><\/a>[\/vc_column_text][vc_empty_space height=\u00a0\u00bb23px\u00a0\u00bb]\t\t<\/div>\n\t<\/div>\n<\/div><div class=\"edgtf-elements-holder-item edgtf-width-1-1\" data-item-class=\"edgtf-elements-holder-custom-844283\"  data-1024-1280=\"17px 0 0 0\" data-768-1024=\"0 5px\" data-600-768=\"0 5px\"   >\n\t<div class=\"edgtf-elements-holder-item-inner\">\n\t\t<div class=\"edgtf-elements-holder-item-content edgtf-elements-holder-custom-844283\" style=\"padding: 0 8px\">\n\t\t\t[vc_single_image image=\u00a0\u00bb9757&Prime; img_size=\u00a0\u00bbfull\u00a0\u00bb]\t\t<\/div>\n\t<\/div>\n<\/div><\/div>[\/vc_column][\/vc_row][vc_row css=\u00a0\u00bb.vc_custom_1614460619765{margin-right: 35px !important;margin-left: 35px !important;padding-top: 105px !important;padding-bottom: 105px !important;}\u00a0\u00bb][vc_column]<div class=\"edgtf-title-section-holder\">\n\t\t\t<h2 class=\"edgtf-title-with-dots\" >\n\t\t\tNotre \u00e9quipe ex\u00e9cutive\t\t<\/h2>\n\t\t<span class=\"edge-title-separator edge-enable-separator\" style=\"background-color:#0824a0\"><\/span>\n\n\t<\/div><div class=\"edgtf-team-list-holder edgtf-team-info-below-image\" data-type= info_below_image data-order-by= date data-order= ASC data-category= team-1 > <div class=\"edgtf-tl-inner clearfix\"><div class=\"edgtf-team-list-holder-inner single_page\" >\n        <div class=\"edgtf-team edgtf-tl-four-columns edgtf-team-light\">\n            <div class=\"edgtf-team-inner\"   data-member-id=\"12839\">\n                                    <div class=\"edgtf-team-image\">\n                         <a href=\"https:\/\/www.bictogo-initiatives.org\/index.php\/team-member\/lisa-bictogo\/\" >\n                                    <img width=\"599\" height=\"480\" src=\"https:\/\/www.bictogo-initiatives.org\/wp-content\/uploads\/2021\/05\/Malicka-bictogo-e1622058735583.png\" class=\"attachment-post-thumbnail size-post-thumbnail wp-post-image\" alt=\"\" loading=\"lazy\" \/>                                <\/a>\n                                                <div class=\"edgtf-team-social-holder\">\n                            <div class=\"edgtf-team-social-holder-inner\">\n\n                            <\/div>\n                        <\/div>\n\n                    <\/div>\n                                <div class=\"edgtf-team-info\">\n                    <div class=\"edgtf-team-title-holder\">\n                        <h3 class=\"edgtf-team-name\">\n                                                                                                <a  href=\"https:\/\/www.bictogo-initiatives.org\/index.php\/team-member\/lisa-bictogo\/\">Lisa Bictogo<\/a>\n                                \n                            \n                        <\/h3>\n                                                    <span class=\"edgtf-team-position\">Vice-Pr\u00e9sidente<\/span>\n                                            <\/div>\n                    <div class=\"edgtf-team-social-holder-between\">\n                        <div class=\"edgtf-team-social\">\n                            <div class=\"edgtf-team-social-inner\">\n                                <div class=\"edgtf-team-social-wrapp\">\n\n                                <\/div>\n                            <\/div>\n                        <\/div>\n                    <\/div>\n                <\/div>\n\n            <\/div>\n        <\/div>\n    <\/div>\n\n<div class=\"edgtf-team-list-holder-inner single_page\" >\n        <div class=\"edgtf-team edgtf-tl-four-columns edgtf-team-light\">\n            <div class=\"edgtf-team-inner\"   data-member-id=\"12841\">\n                                    <div class=\"edgtf-team-image\">\n                         <a href=\"https:\/\/www.bictogo-initiatives.org\/index.php\/team-member\/adama-bictogo\/\" >\n                                    <img width=\"601\" height=\"482\" src=\"https:\/\/www.bictogo-initiatives.org\/wp-content\/uploads\/2021\/05\/Adama-Bictogo.png\" class=\"attachment-post-thumbnail size-post-thumbnail wp-post-image\" alt=\"\" loading=\"lazy\" srcset=\"https:\/\/www.bictogo-initiatives.org\/wp-content\/uploads\/2021\/05\/Adama-Bictogo.png 601w, https:\/\/www.bictogo-initiatives.org\/wp-content\/uploads\/2021\/05\/Adama-Bictogo-300x240.png 300w\" sizes=\"(max-width: 601px) 100vw, 601px\" \/>                                <\/a>\n                                                <div class=\"edgtf-team-social-holder\">\n                            <div class=\"edgtf-team-social-holder-inner\">\n\n                            <\/div>\n                        <\/div>\n\n                    <\/div>\n                                <div class=\"edgtf-team-info\">\n                    <div class=\"edgtf-team-title-holder\">\n                        <h3 class=\"edgtf-team-name\">\n                                                                                                <a  href=\"https:\/\/www.bictogo-initiatives.org\/index.php\/team-member\/adama-bictogo\/\">Adama Bictogo<\/a>\n                                \n                            \n                        <\/h3>\n                                                    <span class=\"edgtf-team-position\">Pr\u00e9sident Fondateur &amp; Chairman<\/span>\n                                            <\/div>\n                    <div class=\"edgtf-team-social-holder-between\">\n                        <div class=\"edgtf-team-social\">\n                            <div class=\"edgtf-team-social-inner\">\n                                <div class=\"edgtf-team-social-wrapp\">\n\n                                <\/div>\n                            <\/div>\n                        <\/div>\n                    <\/div>\n                <\/div>\n\n            <\/div>\n        <\/div>\n    <\/div>\n\n<div class=\"edgtf-team-list-holder-inner single_page\" >\n        <div class=\"edgtf-team edgtf-tl-four-columns edgtf-team-light\">\n            <div class=\"edgtf-team-inner\"   data-member-id=\"12842\">\n                                    <div class=\"edgtf-team-image\">\n                         <a href=\"https:\/\/www.bictogo-initiatives.org\/index.php\/team-member\/alassane-bictogo\/\" >\n                                    <img width=\"601\" height=\"482\" src=\"https:\/\/www.bictogo-initiatives.org\/wp-content\/uploads\/2021\/05\/alassane-bictogo.png\" class=\"attachment-post-thumbnail size-post-thumbnail wp-post-image\" alt=\"\" loading=\"lazy\" srcset=\"https:\/\/www.bictogo-initiatives.org\/wp-content\/uploads\/2021\/05\/alassane-bictogo.png 601w, https:\/\/www.bictogo-initiatives.org\/wp-content\/uploads\/2021\/05\/alassane-bictogo-300x240.png 300w\" sizes=\"(max-width: 601px) 100vw, 601px\" \/>                                <\/a>\n                                                <div class=\"edgtf-team-social-holder\">\n                            <div class=\"edgtf-team-social-holder-inner\">\n\n                            <\/div>\n                        <\/div>\n\n                    <\/div>\n                                <div class=\"edgtf-team-info\">\n                    <div class=\"edgtf-team-title-holder\">\n                        <h3 class=\"edgtf-team-name\">\n                                                                                                <a  href=\"https:\/\/www.bictogo-initiatives.org\/index.php\/team-member\/alassane-bictogo\/\">Alassane Bictogo<\/a>\n                                \n                            \n                        <\/h3>\n                                                    <span class=\"edgtf-team-position\">Sponsor Program<\/span>\n                                            <\/div>\n                    <div class=\"edgtf-team-social-holder-between\">\n                        <div class=\"edgtf-team-social\">\n                            <div class=\"edgtf-team-social-inner\">\n                                <div class=\"edgtf-team-social-wrapp\">\n\n                                <\/div>\n                            <\/div>\n                        <\/div>\n                    <\/div>\n                <\/div>\n\n            <\/div>\n        <\/div>\n    <\/div>\n\n<div class=\"edgtf-team-list-holder-inner single_page\" >\n        <div class=\"edgtf-team edgtf-tl-four-columns edgtf-team-light\">\n            <div class=\"edgtf-team-inner\"   data-member-id=\"12843\">\n                                    <div class=\"edgtf-team-image\">\n                         <a href=\"https:\/\/www.bictogo-initiatives.org\/index.php\/team-member\/malicka-bictogo\/\" >\n                                    <img width=\"601\" height=\"482\" src=\"https:\/\/www.bictogo-initiatives.org\/wp-content\/uploads\/2021\/05\/lisa-bictogo.png\" class=\"attachment-post-thumbnail size-post-thumbnail wp-post-image\" alt=\"\" loading=\"lazy\" srcset=\"https:\/\/www.bictogo-initiatives.org\/wp-content\/uploads\/2021\/05\/lisa-bictogo.png 601w, https:\/\/www.bictogo-initiatives.org\/wp-content\/uploads\/2021\/05\/lisa-bictogo-300x240.png 300w\" sizes=\"(max-width: 601px) 100vw, 601px\" \/>                                <\/a>\n                                                <div class=\"edgtf-team-social-holder\">\n                            <div class=\"edgtf-team-social-holder-inner\">\n\n                            <\/div>\n                        <\/div>\n\n                    <\/div>\n                                <div class=\"edgtf-team-info\">\n                    <div class=\"edgtf-team-title-holder\">\n                        <h3 class=\"edgtf-team-name\">\n                                                                                                <a  href=\"https:\/\/www.bictogo-initiatives.org\/index.php\/team-member\/malicka-bictogo\/\">Malika Bictogo<\/a>\n                                \n                            \n                        <\/h3>\n                                                    <span class=\"edgtf-team-position\">Secr\u00e9taire G\u00e9n\u00e9ral Adjoint<\/span>\n                                            <\/div>\n                    <div class=\"edgtf-team-social-holder-between\">\n                        <div class=\"edgtf-team-social\">\n                            <div class=\"edgtf-team-social-inner\">\n                                <div class=\"edgtf-team-social-wrapp\">\n\n                                <\/div>\n                            <\/div>\n                        <\/div>\n                    <\/div>\n                <\/div>\n\n            <\/div>\n        <\/div>\n    <\/div>\n\n<\/div><\/div>[\/vc_column][\/vc_row]<\/p>\n","protected":false},"excerpt":{"rendered":"<p>[vc_row content_width=\u00a0\u00bbgrid\u00a0\u00bb css=\u00a0\u00bb.vc_custom_1481799018755{padding-top: 120px !important;padding-bottom: 120px !important;background-image: url(http:\/\/xpo.edge-themes.com\/wp-content\/uploads\/2016\/12\/page-3-image-1.jpg?id=9747) !important;}\u00a0\u00bb][vc_column offset=\u00a0\u00bbvc_col-lg-12 vc_col-md-12&Prime;][\/vc_column][\/vc_row][vc_row content_width=\u00a0\u00bbgrid\u00a0\u00bb css=\u00a0\u00bb.vc_custom_1481799010187{padding-top: 120px !important;padding-bottom: 120px !important;background-image: url(http:\/\/xpo.edge-themes.com\/wp-content\/uploads\/2016\/12\/page-3-image-6.jpg?id=9758) !important;}\u00a0\u00bb][vc_column offset=\u00a0\u00bbvc_col-lg-12 vc_col-md-12&Prime;][\/vc_column][\/vc_row][vc_row content_width=\u00a0\u00bbgrid\u00a0\u00bb css=\u00a0\u00bb.vc_custom_1481800987437{padding-top: 105px !important;padding-bottom: 105px !important;background-image: url(http:\/\/xpo.edge-themes.com\/wp-content\/uploads\/2016\/12\/page-3-image-7.jpg?id=9759) !important;}\u00a0\u00bb][vc_column offset=\u00a0\u00bbvc_col-lg-12 vc_col-md-12&Prime;][\/vc_column][\/vc_row][vc_row content_width=\u00a0\u00bbgrid\u00a0\u00bb css=\u00a0\u00bb.vc_custom_1614625936533{padding-top: 120px !important;padding-bottom: 120px !important;background-color: #1b244e !important;}\u00a0\u00bb][vc_column offset=\u00a0\u00bbvc_col-lg-12 vc_col-md-12&Prime;][\/vc_column][\/vc_row][vc_row css=\u00a0\u00bb.vc_custom_1614460619765{margin-right: 35px !important;margin-left: 35px&#8230;<\/p>\n","protected":false},"author":1,"featured_media":0,"parent":0,"menu_order":0,"comment_status":"closed","ping_status":"closed","template":"full-width.php","meta":[],"_links":{"self":[{"href":"https:\/\/www.bictogo-initiatives.org\/index.php\/wp-json\/wp\/v2\/pages\/9746"}],"collection":[{"href":"https:\/\/www.bictogo-initiatives.org\/index.php\/wp-json\/wp\/v2\/pages"}],"about":[{"href":"https:\/\/www.bictogo-initiatives.org\/index.php\/wp-json\/wp\/v2\/types\/page"}],"author":[{"embeddable":true,"href":"https:\/\/www.bictogo-initiatives.org\/index.php\/wp-json\/wp\/v2\/users\/1"}],"replies":[{"embeddable":true,"href":"https:\/\/www.bictogo-initiatives.org\/index.php\/wp-json\/wp\/v2\/comments?post=9746"}],"version-history":[{"count":19,"href":"https:\/\/www.bictogo-initiatives.org\/index.php\/wp-json\/wp\/v2\/pages\/9746\/revisions"}],"predecessor-version":[{"id":13079,"href":"https:\/\/www.bictogo-initiatives.org\/index.php\/wp-json\/wp\/v2\/pages\/9746\/revisions\/13079"}],"wp:attachment":[{"href":"https:\/\/www.bictogo-initiatives.org\/index.php\/wp-json\/wp\/v2\/media?parent=9746"}],"curies":[{"name":"wp","href":"https:\/\/api.w.org\/{rel}","templated":true}]}}